{"id":244,"date":"2019-12-17T14:20:54","date_gmt":"2019-12-17T13:20:54","guid":{"rendered":"https:\/\/ceref-test.helha.be\/technique\/?page_id=244"},"modified":"2026-08-31T13:13:00","modified_gmt":"2026-08-31T13:13:00","slug":"evenements","status":"publish","type":"page","link":"https:\/\/ceref.helha.be\/technique\/evenements\/","title":{"rendered":"Ev\u00e9nements"},"content":{"rendered":"<p><img decoding=\"async\" class=\"alignnone size-small\" src=\"https:\/\/ceref.helha.be\/app\/uploads\/2026\/08\/ateliers-cybersecurite-construction-ceref-technique.jpg\" alt=\"Ateliers cybers\u00e9curit\u00e9 construction\" width=\"720\" \/><\/p>\n<p>Le\u00a0<strong>CeREF Technique<\/strong>, en collaboration avec les partenaires du projet europ\u00e9en\u00a0<a href=\"https:\/\/edih-wallonia.be\/\" target=\"_blank\" rel=\"noopener\"><strong>EDIH WallonIA<\/strong><\/a><a href=\"https:\/\/edih-wallonia.be\/\">,<\/a>\u00a0propose une session suppl\u00e9mentaire d\u2019ateliers consacr\u00e9s \u00e0 la cybers\u00e9curit\u00e9 dans le secteur de la construction.<\/p>\n<p>Suite \u00e0 l\u2019int\u00e9r\u00eat suscit\u00e9 par les pr\u00e9c\u00e9dentes \u00e9ditions, de nouveaux workshops sont organis\u00e9s durant ce mois de septembre 2026.<\/p>\n<ul>\n<li>Dans la Province de <strong>Namur\/Brabant Wallon<\/strong><br \/>Le 7 septembre 2026, de 13h \u00e0 16h30<\/li>\n<li>Dans la Province de <strong>Li\u00e8ge<\/strong><br \/>Le 11 septembre 2026, de 13h \u00e0 16h30<\/li>\n<li>Dans la Province de <strong>Luxembourg<\/strong><br \/>Le 22 septembre 2026, de 13h \u00e0 16h30<\/li>\n<\/ul>\n<h2 style=\"text-align: left;\"><strong>Public cible :<\/strong><\/h2>\n<p>Cet atelier,<strong>\u00a0enti\u00e8rement gratuit<\/strong>, s\u2019adresse aux entrepreneur\u00b7euse\u00b7s, dirigeant\u00b7e\u00b7s de PME, artisans, ouvrier\u00b7\u00e8re\u00b7s qualifi\u00e9\u00b7e\u00b7s, ainsi qu\u2019aux responsables techniques, RH ou administratif\u00b7ve\u00b7s souhaitant mieux comprendre les enjeux de la cybers\u00e9curit\u00e9 et d\u00e9couvrir des bonnes pratiques concr\u00e8tes et directement applicables.<\/p>\n<h2 style=\"text-align: left;\"><strong>Ce que vous apprendrez :<\/strong><\/h2>\n<ul>\n<li>Le\u00a0<strong>vocabulaire<\/strong>\u00a0essentiel de la cybers\u00e9curit\u00e9<\/li>\n<li>Les bonnes pratiques d\u2019<strong>hygi\u00e8ne num\u00e9rique<\/strong>\u00a0(personnelle et professionnelle)<\/li>\n<li>Les\u00a0<strong>mots de passe<\/strong>\u00a0\u00e0 \u00e9viter et les principes d\u2019un mot de passe s\u00e9curis\u00e9<\/li>\n<li>Les r\u00e8gles pour une navigation s\u00fbre sur\u00a0<strong>Internet<\/strong><\/li>\n<li>Les enjeux et m\u00e9canismes des\u00a0<strong>ransomwares<\/strong><\/li>\n<li>Les bonnes pratiques pour s\u00e9curiser ses\u00a0<strong>achats en ligne<\/strong><\/li>\n<li>Les m\u00e9thodes pour se prot\u00e9ger contre le\u00a0<strong>phishing<\/strong><\/li>\n<li>Les usages responsables des\u00a0<strong>r\u00e9seaux sociaux<\/strong><\/li>\n<\/ul>\n<p>L\u2019atelier m\u00ealera<strong>\u00a0th\u00e9orie et mises en situation pratiques<\/strong>\u00a0pour permettre un apprentissage concret, directement applicable dans votre quotidien professionnel.<\/p>\n<h2 style=\"text-align: left;\"><strong>Le mot de la co-formatrice, C\u00e9line Bouillon\u00a0: <\/strong><\/h2>\n<p><em>\u00ab L\u2019objectif de l\u2019atelier est de comprendre les enjeux li\u00e9s \u00e0 la cybers\u00e9curit\u00e9, le m\u00e9canisme qui se cache, par exemple, derri\u00e8re un hame\u00e7onnage mais aussi de savoir quel niveau de cybers\u00e9curit\u00e9 une soci\u00e9t\u00e9 doit atteindre en fonction de sa taille. C\u2019est une obligation l\u00e9gale en Belgique mais les entreprises n\u2019en sont pas toujours conscientes. L\u2019objectif est aussi d\u2019apprendre les bonnes pratiques et pourquoi elles doivent \u00eatre suivies. \u00bb<\/em><\/p>\n<a href=\"https:\/\/forms.cloud.microsoft\/Pages\/ResponsePage.aspx?id=DdTDAQXPJkODYP7OfaVEFHAyDV3FOWJDqkhUE41xKj5UNDdaSkw2QkNDOFNJVEYyT0I1QlU4MlpURC4u\" class=\"btn btn-he-red\" target=\"_blank\">\n    S&rsquo;inscrire\n<\/a>\n<h2 class=\"mt-5\" style=\"text-align: left;\"><strong>Pour aller plus loin\u00a0: <\/strong><\/h2>\n<p>Pour celles et ceux qui souhaiteraient prolonger leur apprentissage, des cours seront prochainement dispens\u00e9s en ligne sur la\u00a0<a href=\"https:\/\/myceref.helha.be\/\" target=\"_blank\" rel=\"noopener\">plateforme MyCeREF<\/a>.<\/p>\n<blockquote>\n<p><strong>Pour toute question, contactez le CeREF Technique :<\/strong><br \/><u><a href=\"mailto:contact.tech@ceref.be\">contact.tech@ceref.be<\/a><\/u><em><br \/><\/em>Chauss\u00e9e de Binche 159, 7000 Mons<\/p>\n<\/blockquote>\n\n\n<figure class=\"wp-block-image size-large\"><img loading=\"lazy\" decoding=\"async\" width=\"1024\" height=\"303\" src=\"https:\/\/ceref.helha.be\/technique\/app\/uploads\/2026\/04\/Design-sans-titre-13-1024x303.png\" alt=\"\" class=\"wp-image-3213\" srcset=\"https:\/\/ceref.helha.be\/technique\/app\/uploads\/2026\/04\/Design-sans-titre-13-1024x303.png 1024w, https:\/\/ceref.helha.be\/technique\/app\/uploads\/2026\/04\/Design-sans-titre-13-300x89.png 300w, https:\/\/ceref.helha.be\/technique\/app\/uploads\/2026\/04\/Design-sans-titre-13-768x228.png 768w, https:\/\/ceref.helha.be\/technique\/app\/uploads\/2026\/04\/Design-sans-titre-13-1536x455.png 1536w, https:\/\/ceref.helha.be\/technique\/app\/uploads\/2026\/04\/Design-sans-titre-13.png 1650w\" sizes=\"auto, (max-width: 1024px) 100vw, 1024px\" \/><\/figure>\n","protected":false},"excerpt":{"rendered":"<p>Le\u00a0CeREF Technique, en collaboration avec les partenaires du projet europ\u00e9en\u00a0EDIH WallonIA,\u00a0propose une session suppl\u00e9mentaire d\u2019ateliers consacr\u00e9s \u00e0 la cybers\u00e9curit\u00e9 dans le secteur de la construction. Suite \u00e0 l\u2019int\u00e9r\u00eat suscit\u00e9 par les pr\u00e9c\u00e9dentes \u00e9ditions, de nouveaux workshops sont organis\u00e9s durant ce mois de septembre 2026. Dans la Province de Namur\/Brabant WallonLe 7 septembre 2026, de 13h [&hellip;]<\/p>\n","protected":false},"author":1,"featured_media":0,"parent":0,"menu_order":0,"comment_status":"closed","ping_status":"closed","template":"","meta":{"_acf_changed":false,"footnotes":""},"class_list":["post-244","page","type-page","status-publish","hentry"],"acf":[],"yoast_head":"<!-- This site is optimized with the Yoast SEO plugin v21.9.1 - https:\/\/yoast.com\/wordpress\/plugins\/seo\/ -->\n<title>Ev\u00e9nements - CeREF Technique<\/title>\n<meta name=\"robots\" content=\"index, follow, max-snippet:-1, max-image-preview:large, max-video-preview:-1\" \/>\n<link rel=\"canonical\" href=\"https:\/\/ceref.helha.be\/technique\/evenements\/\" \/>\n<meta property=\"og:locale\" content=\"fr_FR\" \/>\n<meta property=\"og:type\" content=\"article\" \/>\n<meta property=\"og:title\" content=\"Ev\u00e9nements - CeREF Technique\" \/>\n<meta property=\"og:description\" content=\"Le\u00a0CeREF Technique, en collaboration avec les partenaires du projet europ\u00e9en\u00a0EDIH WallonIA,\u00a0propose une session suppl\u00e9mentaire d\u2019ateliers consacr\u00e9s \u00e0 la cybers\u00e9curit\u00e9 dans le secteur de la construction. Suite \u00e0 l\u2019int\u00e9r\u00eat suscit\u00e9 par les pr\u00e9c\u00e9dentes \u00e9ditions, de nouveaux workshops sont organis\u00e9s durant ce mois de septembre 2026. Dans la Province de Namur\/Brabant WallonLe 7 septembre 2026, de 13h [&hellip;]\" \/>\n<meta property=\"og:url\" content=\"https:\/\/ceref.helha.be\/technique\/evenements\/\" \/>\n<meta property=\"og:site_name\" content=\"CeREF Technique\" \/>\n<meta property=\"article:publisher\" content=\"https:\/\/www.facebook.com\/Ceref.helha\" \/>\n<meta property=\"article:modified_time\" content=\"2026-08-31T13:13:00+00:00\" \/>\n<meta property=\"og:image\" content=\"https:\/\/ceref.helha.be\/app\/uploads\/2026\/08\/ateliers-cybersecurite-construction-ceref-technique.jpg\" \/>\n<meta name=\"twitter:card\" content=\"summary_large_image\" \/>\n<meta name=\"twitter:label1\" content=\"Est. reading time\" \/>\n\t<meta name=\"twitter:data1\" content=\"2 minutes\" \/>\n<script type=\"application\/ld+json\" class=\"yoast-schema-graph\">{\"@context\":\"https:\/\/schema.org\",\"@graph\":[{\"@type\":\"WebPage\",\"@id\":\"https:\/\/ceref.helha.be\/technique\/evenements\/\",\"url\":\"https:\/\/ceref.helha.be\/technique\/evenements\/\",\"name\":\"Ev\u00e9nements - CeREF Technique\",\"isPartOf\":{\"@id\":\"https:\/\/ceref.helha.be\/technique\/#website\"},\"datePublished\":\"2019-12-17T13:20:54+00:00\",\"dateModified\":\"2026-08-31T13:13:00+00:00\",\"breadcrumb\":{\"@id\":\"https:\/\/ceref.helha.be\/technique\/evenements\/#breadcrumb\"},\"inLanguage\":\"fr-BE\",\"potentialAction\":[{\"@type\":\"ReadAction\",\"target\":[\"https:\/\/ceref.helha.be\/technique\/evenements\/\"]}]},{\"@type\":\"BreadcrumbList\",\"@id\":\"https:\/\/ceref.helha.be\/technique\/evenements\/#breadcrumb\",\"itemListElement\":[{\"@type\":\"ListItem\",\"position\":1,\"name\":\"Home\",\"item\":\"https:\/\/ceref.helha.be\/technique\/\"},{\"@type\":\"ListItem\",\"position\":2,\"name\":\"Ev\u00e9nements\"}]},{\"@type\":\"WebSite\",\"@id\":\"https:\/\/ceref.helha.be\/technique\/#website\",\"url\":\"https:\/\/ceref.helha.be\/technique\/\",\"name\":\"CeREF Technique - Centre de Recherche et de Formation continue de la HELHa\",\"description\":\"Centre de Recherche et de Formation HELHa\",\"publisher\":{\"@id\":\"https:\/\/ceref.helha.be\/technique\/#organization\"},\"potentialAction\":[{\"@type\":\"SearchAction\",\"target\":{\"@type\":\"EntryPoint\",\"urlTemplate\":\"https:\/\/ceref.helha.be\/technique\/?s={search_term_string}\"},\"query-input\":\"required name=search_term_string\"}],\"inLanguage\":\"fr-BE\"},{\"@type\":\"Organization\",\"@id\":\"https:\/\/ceref.helha.be\/technique\/#organization\",\"name\":\"CeREF Technique - Centre de Recherche et de Formation continue de la HELHa\",\"url\":\"https:\/\/ceref.helha.be\/technique\/\",\"logo\":{\"@type\":\"ImageObject\",\"inLanguage\":\"fr-BE\",\"@id\":\"https:\/\/ceref.helha.be\/technique\/#\/schema\/logo\/image\/\",\"url\":\"https:\/\/ceref.helha.be\/technique\/app\/uploads\/2019\/12\/logo-cereftechnique.jpg\",\"contentUrl\":\"https:\/\/ceref.helha.be\/technique\/app\/uploads\/2019\/12\/logo-cereftechnique.jpg\",\"width\":278,\"height\":154,\"caption\":\"CeREF Technique - Centre de Recherche et de Formation continue de la HELHa\"},\"image\":{\"@id\":\"https:\/\/ceref.helha.be\/technique\/#\/schema\/logo\/image\/\"},\"sameAs\":[\"https:\/\/www.facebook.com\/Ceref.helha\",\"https:\/\/www.linkedin.com\/company\/ceref-helha\/\"]}]}<\/script>\n<!-- \/ Yoast SEO plugin. -->","yoast_head_json":{"title":"Ev\u00e9nements - CeREF Technique","robots":{"index":"index","follow":"follow","max-snippet":"max-snippet:-1","max-image-preview":"max-image-preview:large","max-video-preview":"max-video-preview:-1"},"canonical":"https:\/\/ceref.helha.be\/technique\/evenements\/","og_locale":"fr_FR","og_type":"article","og_title":"Ev\u00e9nements - CeREF Technique","og_description":"Le\u00a0CeREF Technique, en collaboration avec les partenaires du projet europ\u00e9en\u00a0EDIH WallonIA,\u00a0propose une session suppl\u00e9mentaire d\u2019ateliers consacr\u00e9s \u00e0 la cybers\u00e9curit\u00e9 dans le secteur de la construction. Suite \u00e0 l\u2019int\u00e9r\u00eat suscit\u00e9 par les pr\u00e9c\u00e9dentes \u00e9ditions, de nouveaux workshops sont organis\u00e9s durant ce mois de septembre 2026. Dans la Province de Namur\/Brabant WallonLe 7 septembre 2026, de 13h [&hellip;]","og_url":"https:\/\/ceref.helha.be\/technique\/evenements\/","og_site_name":"CeREF Technique","article_publisher":"https:\/\/www.facebook.com\/Ceref.helha","article_modified_time":"2026-08-31T13:13:00+00:00","og_image":[{"url":"https:\/\/ceref.helha.be\/app\/uploads\/2026\/08\/ateliers-cybersecurite-construction-ceref-technique.jpg"}],"twitter_card":"summary_large_image","twitter_misc":{"Est. reading time":"2 minutes"},"schema":{"@context":"https:\/\/schema.org","@graph":[{"@type":"WebPage","@id":"https:\/\/ceref.helha.be\/technique\/evenements\/","url":"https:\/\/ceref.helha.be\/technique\/evenements\/","name":"Ev\u00e9nements - CeREF Technique","isPartOf":{"@id":"https:\/\/ceref.helha.be\/technique\/#website"},"datePublished":"2019-12-17T13:20:54+00:00","dateModified":"2026-08-31T13:13:00+00:00","breadcrumb":{"@id":"https:\/\/ceref.helha.be\/technique\/evenements\/#breadcrumb"},"inLanguage":"fr-BE","potentialAction":[{"@type":"ReadAction","target":["https:\/\/ceref.helha.be\/technique\/evenements\/"]}]},{"@type":"BreadcrumbList","@id":"https:\/\/ceref.helha.be\/technique\/evenements\/#breadcrumb","itemListElement":[{"@type":"ListItem","position":1,"name":"Home","item":"https:\/\/ceref.helha.be\/technique\/"},{"@type":"ListItem","position":2,"name":"Ev\u00e9nements"}]},{"@type":"WebSite","@id":"https:\/\/ceref.helha.be\/technique\/#website","url":"https:\/\/ceref.helha.be\/technique\/","name":"CeREF Technique - Centre de Recherche et de Formation continue de la HELHa","description":"Centre de Recherche et de Formation HELHa","publisher":{"@id":"https:\/\/ceref.helha.be\/technique\/#organization"},"potentialAction":[{"@type":"SearchAction","target":{"@type":"EntryPoint","urlTemplate":"https:\/\/ceref.helha.be\/technique\/?s={search_term_string}"},"query-input":"required name=search_term_string"}],"inLanguage":"fr-BE"},{"@type":"Organization","@id":"https:\/\/ceref.helha.be\/technique\/#organization","name":"CeREF Technique - Centre de Recherche et de Formation continue de la HELHa","url":"https:\/\/ceref.helha.be\/technique\/","logo":{"@type":"ImageObject","inLanguage":"fr-BE","@id":"https:\/\/ceref.helha.be\/technique\/#\/schema\/logo\/image\/","url":"https:\/\/ceref.helha.be\/technique\/app\/uploads\/2019\/12\/logo-cereftechnique.jpg","contentUrl":"https:\/\/ceref.helha.be\/technique\/app\/uploads\/2019\/12\/logo-cereftechnique.jpg","width":278,"height":154,"caption":"CeREF Technique - Centre de Recherche et de Formation continue de la HELHa"},"image":{"@id":"https:\/\/ceref.helha.be\/technique\/#\/schema\/logo\/image\/"},"sameAs":["https:\/\/www.facebook.com\/Ceref.helha","https:\/\/www.linkedin.com\/company\/ceref-helha\/"]}]}},"_links":{"self":[{"href":"https:\/\/ceref.helha.be\/technique\/wp-json\/wp\/v2\/pages\/244","targetHints":{"allow":["GET"]}}],"collection":[{"href":"https:\/\/ceref.helha.be\/technique\/wp-json\/wp\/v2\/pages"}],"about":[{"href":"https:\/\/ceref.helha.be\/technique\/wp-json\/wp\/v2\/types\/page"}],"author":[{"embeddable":true,"href":"https:\/\/ceref.helha.be\/technique\/wp-json\/wp\/v2\/users\/1"}],"replies":[{"embeddable":true,"href":"https:\/\/ceref.helha.be\/technique\/wp-json\/wp\/v2\/comments?post=244"}],"version-history":[{"count":72,"href":"https:\/\/ceref.helha.be\/technique\/wp-json\/wp\/v2\/pages\/244\/revisions"}],"predecessor-version":[{"id":3261,"href":"https:\/\/ceref.helha.be\/technique\/wp-json\/wp\/v2\/pages\/244\/revisions\/3261"}],"wp:attachment":[{"href":"https:\/\/ceref.helha.be\/technique\/wp-json\/wp\/v2\/media?parent=244"}],"curies":[{"name":"wp","href":"https:\/\/api.w.org\/{rel}","templated":true}]}}