{"id":244,"date":"2019-12-17T14:20:54","date_gmt":"2019-12-17T13:20:54","guid":{"rendered":"https:\/\/ceref-test.helha.be\/technique\/?page_id=244"},"modified":"2026-04-16T15:11:43","modified_gmt":"2026-04-16T15:11:43","slug":"evenements","status":"publish","type":"page","link":"https:\/\/ceref.helha.be\/technique\/evenements\/","title":{"rendered":"Ev\u00e9nements"},"content":{"rendered":"<p><img loading=\"lazy\" decoding=\"async\" class=\"alignnone size-full wp-image-3211\" src=\"https:\/\/ceref.helha.be\/technique\/app\/uploads\/2026\/04\/EDIH-WallonIA-banner-arrondi-date-ok.png\" alt=\"EDIH WallonIA\" width=\"1650\" height=\"489\" srcset=\"https:\/\/ceref.helha.be\/technique\/app\/uploads\/2026\/04\/EDIH-WallonIA-banner-arrondi-date-ok.png 1650w, https:\/\/ceref.helha.be\/technique\/app\/uploads\/2026\/04\/EDIH-WallonIA-banner-arrondi-date-ok-300x89.png 300w, https:\/\/ceref.helha.be\/technique\/app\/uploads\/2026\/04\/EDIH-WallonIA-banner-arrondi-date-ok-1024x303.png 1024w, https:\/\/ceref.helha.be\/technique\/app\/uploads\/2026\/04\/EDIH-WallonIA-banner-arrondi-date-ok-768x228.png 768w, https:\/\/ceref.helha.be\/technique\/app\/uploads\/2026\/04\/EDIH-WallonIA-banner-arrondi-date-ok-1536x455.png 1536w\" sizes=\"auto, (max-width: 1650px) 100vw, 1650px\" \/><\/p>\n<p style=\"text-align: left;\">Le <strong>CeREF Technique<\/strong>, en collaboration avec les partenaires du projet europ\u00e9en <a href=\"https:\/\/edih-wallonia.be\/\"><strong>EDIH WallonIA<\/strong>,<\/a> a le plaisir de vous inviter \u00e0 un atelier consacr\u00e9 \u00e0 la <strong>cybers\u00e9curit\u00e9 dans le secteur de la construction<\/strong>.<\/p>\n<p style=\"text-align: left;\">Il se d\u00e9roulera le <strong>mardi 12 mai 2026<\/strong> de 8h30 \u00e0 12h (accueil d\u00e8s 8h) sur le <strong>campus HELHa \u00e0 Mons<\/strong>.<\/p>\n<h2 style=\"text-align: left;\"><span style=\"color: #185bf7;\"><strong>Public cible :<\/strong><\/span><\/h2>\n<p style=\"text-align: left;\">Cet \u00e9v\u00e9nement,\u00a0<strong>enti\u00e8rement gratuit<\/strong>, s\u2019adresse aux entrepreneurs, dirigeants de PME, artisans, ouvriers qualifi\u00e9s, ainsi qu\u2019aux responsables techniques, RH ou administratifs souhaitant comprendre les enjeux li\u00e9s \u00e0 la cybers\u00e9curit\u00e9 et d\u00e9couvrir les bonnes pratiques en la mati\u00e8re.<\/p>\n<h2 style=\"text-align: left;\"><span style=\"color: #185bf7;\"><strong>Ce que vous apprendrez :<\/strong><\/span><\/h2>\n<ul>\n<li>Le <strong>vocabulaire<\/strong> essentiel de la cybers\u00e9curit\u00e9<\/li>\n<li>Les bonnes pratiques d\u2019<strong>hygi\u00e8ne num\u00e9rique<\/strong> (personnelle et professionnelle)<\/li>\n<li>Les <strong>mots de passe<\/strong> \u00e0 \u00e9viter et les principes d\u2019un mot de passe s\u00e9curis\u00e9<\/li>\n<li>Les r\u00e8gles pour une navigation s\u00fbre sur <strong>Internet<\/strong><\/li>\n<li>Les enjeux et m\u00e9canismes des <strong>ransomwares<\/strong><\/li>\n<li>Les bonnes pratiques pour s\u00e9curiser ses <strong>achats en ligne<\/strong><\/li>\n<li>Les m\u00e9thodes pour se prot\u00e9ger contre le <strong>phishing<\/strong><\/li>\n<li>Les usages responsables des <strong>r\u00e9seaux sociaux<\/strong><\/li>\n<\/ul>\n<p><span style=\"color: #ffffff;\">e<\/span><\/p>\n<p>L\u2019atelier alternera apports th\u00e9oriques et mises en situation pratiques, pour un apprentissage concret et directement applicable.<\/p>\n<h2 style=\"text-align: left;\"><span style=\"color: #185bf7;\"><strong>Le mot de la co-formatrice, C\u00e9line Bouillon\u00a0: <\/strong><\/span><\/h2>\n<p style=\"text-align: left;\"><em data-wp-editing=\"1\">\u00ab L\u2019objectif de l\u2019atelier est de comprendre les enjeux li\u00e9s \u00e0 la cybers\u00e9curit\u00e9, le m\u00e9canisme qui se cache, par exemple, derri\u00e8re un hame\u00e7onnage mais aussi de savoir quel niveau de cybers\u00e9curit\u00e9 une soci\u00e9t\u00e9 doit atteindre en fonction de sa taille. C\u2019est une obligation l\u00e9gale en Belgique mais les entreprises n\u2019en sont pas toujours conscientes. L\u2019objectif est aussi d\u2019apprendre les bonnes pratiques et pourquoi elles doivent \u00eatre suivies. \u00bb <\/em><\/p>\n<p><span style=\"color: #c20b82; font-size: 18pt;\"><strong>\ud83d\udc49 <span style=\"color: #009790;\"><a style=\"color: #009790;\" href=\"https:\/\/forms.cloud.microsoft\/Pages\/ResponsePage.aspx?id=DdTDAQXPJkODYP7OfaVEFHAyDV3FOWJDqkhUE41xKj5UMFlJWEFFSFo3VlE3MjhOSUhGMUI0VVY5Wi4u\">Je m&rsquo;inscris !!!<\/a><\/span><\/strong><\/span><\/p>\n<p><strong>Il est d\u00e9j\u00e0 possible de s\u2019inscrire aux prochains ateliers via le formulaire ci-dessus !<\/strong><\/p>\n<h2><span style=\"color: #185bf7;\"><strong>Dates des prochains ateliers\u00a0: <\/strong><\/span><\/h2>\n<ul>\n<li>Mardi 2 juin \u00e0 Tournai, en matin\u00e9e<\/li>\n<li>Mardi 16 juin \u00e0 Montignies, en matin\u00e9e<\/li>\n<li>Lundi 22 juin \u00e0 Mons, en soir\u00e9e<\/li>\n<\/ul>\n<h2>\u00a0<\/h2>\n<h2 style=\"text-align: left;\"><span style=\"color: #185bf7;\"><strong>Pour aller plus loin\u00a0: <\/strong><\/span><\/h2>\n<p style=\"text-align: left;\">Pour celles et ceux qui souhaiteraient prolonger leur apprentissage, des cours seront prochainement dispens\u00e9s en ligne sur la <a href=\"https:\/\/myceref.helha.be\/\">plateforme MyCeREF<\/a>.<\/p>\n<blockquote>\n<p><strong>Pour toute question, contactez le CeREF Technique :<\/strong><br \/><u><a href=\"mailto:contact.tech@ceref.be\">contact.tech@ceref.be<\/a><\/u><em><br \/><\/em>Chauss\u00e9e de Binche 159, 7000 Mons<\/p>\n<\/blockquote>\n\n\n<figure class=\"wp-block-image size-large\"><img loading=\"lazy\" decoding=\"async\" width=\"1024\" height=\"303\" src=\"https:\/\/ceref.helha.be\/technique\/app\/uploads\/2026\/04\/Design-sans-titre-13-1024x303.png\" alt=\"\" class=\"wp-image-3213\" srcset=\"https:\/\/ceref.helha.be\/technique\/app\/uploads\/2026\/04\/Design-sans-titre-13-1024x303.png 1024w, https:\/\/ceref.helha.be\/technique\/app\/uploads\/2026\/04\/Design-sans-titre-13-300x89.png 300w, https:\/\/ceref.helha.be\/technique\/app\/uploads\/2026\/04\/Design-sans-titre-13-768x228.png 768w, https:\/\/ceref.helha.be\/technique\/app\/uploads\/2026\/04\/Design-sans-titre-13-1536x455.png 1536w, https:\/\/ceref.helha.be\/technique\/app\/uploads\/2026\/04\/Design-sans-titre-13.png 1650w\" sizes=\"auto, (max-width: 1024px) 100vw, 1024px\" \/><\/figure>\n","protected":false},"excerpt":{"rendered":"<p>Le CeREF Technique, en collaboration avec les partenaires du projet europ\u00e9en EDIH WallonIA, a le plaisir de vous inviter \u00e0 un atelier consacr\u00e9 \u00e0 la cybers\u00e9curit\u00e9 dans le secteur de la construction. Il se d\u00e9roulera le mardi 12 mai 2026 de 8h30 \u00e0 12h (accueil d\u00e8s 8h) sur le campus HELHa \u00e0 Mons. Public cible [&hellip;]<\/p>\n","protected":false},"author":1,"featured_media":0,"parent":0,"menu_order":0,"comment_status":"closed","ping_status":"closed","template":"","meta":{"_acf_changed":false,"footnotes":""},"class_list":["post-244","page","type-page","status-publish","hentry"],"acf":[],"yoast_head":"<!-- This site is optimized with the Yoast SEO plugin v21.9.1 - https:\/\/yoast.com\/wordpress\/plugins\/seo\/ -->\n<title>Ev\u00e9nements - CeREF Technique<\/title>\n<meta name=\"robots\" content=\"index, follow, max-snippet:-1, max-image-preview:large, max-video-preview:-1\" \/>\n<link rel=\"canonical\" href=\"https:\/\/ceref.helha.be\/technique\/evenements\/\" \/>\n<meta property=\"og:locale\" content=\"fr_FR\" \/>\n<meta property=\"og:type\" content=\"article\" \/>\n<meta property=\"og:title\" content=\"Ev\u00e9nements - CeREF Technique\" \/>\n<meta property=\"og:description\" content=\"Le CeREF Technique, en collaboration avec les partenaires du projet europ\u00e9en EDIH WallonIA, a le plaisir de vous inviter \u00e0 un atelier consacr\u00e9 \u00e0 la cybers\u00e9curit\u00e9 dans le secteur de la construction. Il se d\u00e9roulera le mardi 12 mai 2026 de 8h30 \u00e0 12h (accueil d\u00e8s 8h) sur le campus HELHa \u00e0 Mons. Public cible [&hellip;]\" \/>\n<meta property=\"og:url\" content=\"https:\/\/ceref.helha.be\/technique\/evenements\/\" \/>\n<meta property=\"og:site_name\" content=\"CeREF Technique\" \/>\n<meta property=\"article:publisher\" content=\"https:\/\/www.facebook.com\/Ceref.helha\" \/>\n<meta property=\"article:modified_time\" content=\"2026-04-16T15:11:43+00:00\" \/>\n<meta property=\"og:image\" content=\"https:\/\/ceref.helha.be\/technique\/app\/uploads\/2026\/04\/EDIH-WallonIA-banner-arrondi-date-ok.png\" \/>\n<meta name=\"twitter:card\" content=\"summary_large_image\" \/>\n<meta name=\"twitter:label1\" content=\"Est. reading time\" \/>\n\t<meta name=\"twitter:data1\" content=\"3 minutes\" \/>\n<script type=\"application\/ld+json\" class=\"yoast-schema-graph\">{\"@context\":\"https:\/\/schema.org\",\"@graph\":[{\"@type\":\"WebPage\",\"@id\":\"https:\/\/ceref.helha.be\/technique\/evenements\/\",\"url\":\"https:\/\/ceref.helha.be\/technique\/evenements\/\",\"name\":\"Ev\u00e9nements - CeREF Technique\",\"isPartOf\":{\"@id\":\"https:\/\/ceref.helha.be\/technique\/#website\"},\"datePublished\":\"2019-12-17T13:20:54+00:00\",\"dateModified\":\"2026-04-16T15:11:43+00:00\",\"breadcrumb\":{\"@id\":\"https:\/\/ceref.helha.be\/technique\/evenements\/#breadcrumb\"},\"inLanguage\":\"fr-BE\",\"potentialAction\":[{\"@type\":\"ReadAction\",\"target\":[\"https:\/\/ceref.helha.be\/technique\/evenements\/\"]}]},{\"@type\":\"BreadcrumbList\",\"@id\":\"https:\/\/ceref.helha.be\/technique\/evenements\/#breadcrumb\",\"itemListElement\":[{\"@type\":\"ListItem\",\"position\":1,\"name\":\"Home\",\"item\":\"https:\/\/ceref.helha.be\/technique\/\"},{\"@type\":\"ListItem\",\"position\":2,\"name\":\"Ev\u00e9nements\"}]},{\"@type\":\"WebSite\",\"@id\":\"https:\/\/ceref.helha.be\/technique\/#website\",\"url\":\"https:\/\/ceref.helha.be\/technique\/\",\"name\":\"CeREF Technique - Centre de Recherche et de Formation continue de la HELHa\",\"description\":\"Centre de Recherche et de Formation HELHa\",\"publisher\":{\"@id\":\"https:\/\/ceref.helha.be\/technique\/#organization\"},\"potentialAction\":[{\"@type\":\"SearchAction\",\"target\":{\"@type\":\"EntryPoint\",\"urlTemplate\":\"https:\/\/ceref.helha.be\/technique\/?s={search_term_string}\"},\"query-input\":\"required name=search_term_string\"}],\"inLanguage\":\"fr-BE\"},{\"@type\":\"Organization\",\"@id\":\"https:\/\/ceref.helha.be\/technique\/#organization\",\"name\":\"CeREF Technique - Centre de Recherche et de Formation continue de la HELHa\",\"url\":\"https:\/\/ceref.helha.be\/technique\/\",\"logo\":{\"@type\":\"ImageObject\",\"inLanguage\":\"fr-BE\",\"@id\":\"https:\/\/ceref.helha.be\/technique\/#\/schema\/logo\/image\/\",\"url\":\"https:\/\/ceref.helha.be\/technique\/app\/uploads\/2019\/12\/logo-cereftechnique.jpg\",\"contentUrl\":\"https:\/\/ceref.helha.be\/technique\/app\/uploads\/2019\/12\/logo-cereftechnique.jpg\",\"width\":278,\"height\":154,\"caption\":\"CeREF Technique - Centre de Recherche et de Formation continue de la HELHa\"},\"image\":{\"@id\":\"https:\/\/ceref.helha.be\/technique\/#\/schema\/logo\/image\/\"},\"sameAs\":[\"https:\/\/www.facebook.com\/Ceref.helha\",\"https:\/\/www.linkedin.com\/company\/ceref-helha\/\"]}]}<\/script>\n<!-- \/ Yoast SEO plugin. -->","yoast_head_json":{"title":"Ev\u00e9nements - CeREF Technique","robots":{"index":"index","follow":"follow","max-snippet":"max-snippet:-1","max-image-preview":"max-image-preview:large","max-video-preview":"max-video-preview:-1"},"canonical":"https:\/\/ceref.helha.be\/technique\/evenements\/","og_locale":"fr_FR","og_type":"article","og_title":"Ev\u00e9nements - CeREF Technique","og_description":"Le CeREF Technique, en collaboration avec les partenaires du projet europ\u00e9en EDIH WallonIA, a le plaisir de vous inviter \u00e0 un atelier consacr\u00e9 \u00e0 la cybers\u00e9curit\u00e9 dans le secteur de la construction. Il se d\u00e9roulera le mardi 12 mai 2026 de 8h30 \u00e0 12h (accueil d\u00e8s 8h) sur le campus HELHa \u00e0 Mons. Public cible [&hellip;]","og_url":"https:\/\/ceref.helha.be\/technique\/evenements\/","og_site_name":"CeREF Technique","article_publisher":"https:\/\/www.facebook.com\/Ceref.helha","article_modified_time":"2026-04-16T15:11:43+00:00","og_image":[{"url":"https:\/\/ceref.helha.be\/technique\/app\/uploads\/2026\/04\/EDIH-WallonIA-banner-arrondi-date-ok.png"}],"twitter_card":"summary_large_image","twitter_misc":{"Est. reading time":"3 minutes"},"schema":{"@context":"https:\/\/schema.org","@graph":[{"@type":"WebPage","@id":"https:\/\/ceref.helha.be\/technique\/evenements\/","url":"https:\/\/ceref.helha.be\/technique\/evenements\/","name":"Ev\u00e9nements - CeREF Technique","isPartOf":{"@id":"https:\/\/ceref.helha.be\/technique\/#website"},"datePublished":"2019-12-17T13:20:54+00:00","dateModified":"2026-04-16T15:11:43+00:00","breadcrumb":{"@id":"https:\/\/ceref.helha.be\/technique\/evenements\/#breadcrumb"},"inLanguage":"fr-BE","potentialAction":[{"@type":"ReadAction","target":["https:\/\/ceref.helha.be\/technique\/evenements\/"]}]},{"@type":"BreadcrumbList","@id":"https:\/\/ceref.helha.be\/technique\/evenements\/#breadcrumb","itemListElement":[{"@type":"ListItem","position":1,"name":"Home","item":"https:\/\/ceref.helha.be\/technique\/"},{"@type":"ListItem","position":2,"name":"Ev\u00e9nements"}]},{"@type":"WebSite","@id":"https:\/\/ceref.helha.be\/technique\/#website","url":"https:\/\/ceref.helha.be\/technique\/","name":"CeREF Technique - Centre de Recherche et de Formation continue de la HELHa","description":"Centre de Recherche et de Formation HELHa","publisher":{"@id":"https:\/\/ceref.helha.be\/technique\/#organization"},"potentialAction":[{"@type":"SearchAction","target":{"@type":"EntryPoint","urlTemplate":"https:\/\/ceref.helha.be\/technique\/?s={search_term_string}"},"query-input":"required name=search_term_string"}],"inLanguage":"fr-BE"},{"@type":"Organization","@id":"https:\/\/ceref.helha.be\/technique\/#organization","name":"CeREF Technique - Centre de Recherche et de Formation continue de la HELHa","url":"https:\/\/ceref.helha.be\/technique\/","logo":{"@type":"ImageObject","inLanguage":"fr-BE","@id":"https:\/\/ceref.helha.be\/technique\/#\/schema\/logo\/image\/","url":"https:\/\/ceref.helha.be\/technique\/app\/uploads\/2019\/12\/logo-cereftechnique.jpg","contentUrl":"https:\/\/ceref.helha.be\/technique\/app\/uploads\/2019\/12\/logo-cereftechnique.jpg","width":278,"height":154,"caption":"CeREF Technique - Centre de Recherche et de Formation continue de la HELHa"},"image":{"@id":"https:\/\/ceref.helha.be\/technique\/#\/schema\/logo\/image\/"},"sameAs":["https:\/\/www.facebook.com\/Ceref.helha","https:\/\/www.linkedin.com\/company\/ceref-helha\/"]}]}},"_links":{"self":[{"href":"https:\/\/ceref.helha.be\/technique\/wp-json\/wp\/v2\/pages\/244","targetHints":{"allow":["GET"]}}],"collection":[{"href":"https:\/\/ceref.helha.be\/technique\/wp-json\/wp\/v2\/pages"}],"about":[{"href":"https:\/\/ceref.helha.be\/technique\/wp-json\/wp\/v2\/types\/page"}],"author":[{"embeddable":true,"href":"https:\/\/ceref.helha.be\/technique\/wp-json\/wp\/v2\/users\/1"}],"replies":[{"embeddable":true,"href":"https:\/\/ceref.helha.be\/technique\/wp-json\/wp\/v2\/comments?post=244"}],"version-history":[{"count":55,"href":"https:\/\/ceref.helha.be\/technique\/wp-json\/wp\/v2\/pages\/244\/revisions"}],"predecessor-version":[{"id":3217,"href":"https:\/\/ceref.helha.be\/technique\/wp-json\/wp\/v2\/pages\/244\/revisions\/3217"}],"wp:attachment":[{"href":"https:\/\/ceref.helha.be\/technique\/wp-json\/wp\/v2\/media?parent=244"}],"curies":[{"name":"wp","href":"https:\/\/api.w.org\/{rel}","templated":true}]}}